{"id":245538,"date":"2023-04-04T18:52:53","date_gmt":"2023-04-04T22:52:53","guid":{"rendered":"https:\/\/centromedico.procitas.com.do\/?page_id=245538"},"modified":"2023-05-17T14:15:20","modified_gmt":"2023-05-17T18:15:20","slug":"punta-cana","status":"publish","type":"page","link":"https:\/\/centromedico.procitas.com.do\/en\/punta-cana\/","title":{"rendered":"Punta Cana"},"content":{"rendered":"<p>[et_pb_section fb_built=\u00bb1&#8243; _builder_version=\u00bb4.18.1&#8243; _module_preset=\u00bbdefault\u00bb custom_padding=\u00bb||0px|||\u00bb global_colors_info=\u00bb{}\u00bb][et_pb_row column_structure=\u00bb1_2,1_2&#8243; make_equal=\u00bbon\u00bb disabled_on=\u00bboff|off|off\u00bb _builder_version=\u00bb4.19.4&#8243; _module_preset=\u00bbdefault\u00bb width=\u00bb100%\u00bb width_tablet=\u00bb70%\u00bb width_phone=\u00bb80%\u00bb width_last_edited=\u00bbon|phone\u00bb max_width=\u00bb80%\u00bb module_alignment=\u00bbcenter\u00bb custom_padding=\u00bb||0px|||\u00bb global_colors_info=\u00bb{}\u00bb][et_pb_column type=\u00bb1_2&#8243; disabled_on=\u00bboff|off|off\u00bb _builder_version=\u00bb4.19.4&#8243; _module_preset=\u00bbdefault\u00bb background_enable_color=\u00bboff\u00bb background_enable_image=\u00bboff\u00bb custom_padding=\u00bb|1em||1em|false|true\u00bb background_last_edited=\u00bboff|desktop\u00bb background_image_tablet=\u00bbhttps:\/\/centromedico.procitas.com.do\/wp-content\/uploads\/2023\/01\/inicio-pic-for-Centro-Medico-Puerto-Plata-y-Punta-Cana.webp\u00bb background_enable_image_tablet=\u00bbon\u00bb border_radii=\u00bbon|38px|38px|38px|38px\u00bb global_colors_info=\u00bb{}\u00bb][et_pb_slider _builder_version=\u00bb4.21.0&#8243; _module_preset=\u00bbdefault\u00bb custom_padding=\u00bb||292px|||\u00bb auto=\u00bbon\u00bb border_radii=\u00bbon|30px|30px|30px|30px\u00bb global_colors_info=\u00bb{}\u00bb][et_pb_slide _builder_version=\u00bb4.21.0&#8243; _module_preset=\u00bbdefault\u00bb background_enable_color=\u00bboff\u00bb background_image=\u00bbhttps:\/\/centromedico.procitas.com.do\/wp-content\/uploads\/2023\/04\/WB-Centro-Medico-Punta-Cana-inicio.webp\u00bb background_enable_image=\u00bbon\u00bb global_colors_info=\u00bb{}\u00bb sticky_transition=\u00bbon\u00bb][\/et_pb_slide][et_pb_slide _builder_version=\u00bb4.21.0&#8243; _module_preset=\u00bbdefault\u00bb background_enable_color=\u00bboff\u00bb background_image=\u00bbhttps:\/\/centromedico.procitas.com.do\/wp-content\/uploads\/2023\/05\/Centro-Medico-Punta-Cana-Edificio-Profesional.webp\u00bb background_enable_image=\u00bbon\u00bb global_colors_info=\u00bb{}\u00bb sticky_transition=\u00bbon\u00bb][\/et_pb_slide][et_pb_slide _builder_version=\u00bb4.21.0&#8243; _module_preset=\u00bbdefault\u00bb background_enable_color=\u00bboff\u00bb background_image=\u00bbhttps:\/\/centromedico.procitas.com.do\/wp-content\/uploads\/2023\/05\/Hospitlizacion-punta-cana.webp\u00bb background_enable_image=\u00bbon\u00bb global_colors_info=\u00bb{}\u00bb sticky_transition=\u00bbon\u00bb][\/et_pb_slide][et_pb_slide _builder_version=\u00bb4.21.0&#8243; _module_preset=\u00bbdefault\u00bb background_enable_color=\u00bboff\u00bb background_image=\u00bbhttps:\/\/centromedico.procitas.com.do\/wp-content\/uploads\/2023\/05\/Equipo-Centro-Medico-Punta-Cana.webp\u00bb background_enable_image=\u00bbon\u00bb global_colors_info=\u00bb{}\u00bb sticky_transition=\u00bbon\u00bb][\/et_pb_slide][et_pb_slide _builder_version=\u00bb4.21.0&#8243; _module_preset=\u00bbdefault\u00bb background_enable_color=\u00bboff\u00bb background_image=\u00bbhttps:\/\/centromedico.procitas.com.do\/wp-content\/uploads\/2023\/05\/Farmacia-Bavaro-Centro-Medico-Punta-Cana.webp\u00bb background_enable_image=\u00bbon\u00bb global_colors_info=\u00bb{}\u00bb sticky_transition=\u00bbon\u00bb][\/et_pb_slide][et_pb_slide _builder_version=\u00bb4.21.0&#8243; _module_preset=\u00bbdefault\u00bb background_enable_color=\u00bboff\u00bb background_image=\u00bbhttps:\/\/centromedico.procitas.com.do\/wp-content\/uploads\/2023\/05\/nueva-sala-de-observacion-Centro-Medico-Punta-Cana.webp\u00bb background_enable_image=\u00bbon\u00bb global_colors_info=\u00bb{}\u00bb sticky_transition=\u00bbon\u00bb][\/et_pb_slide][et_pb_slide _builder_version=\u00bb4.21.0&#8243; _module_preset=\u00bbdefault\u00bb background_enable_color=\u00bboff\u00bb background_image=\u00bbhttps:\/\/centromedico.procitas.com.do\/wp-content\/uploads\/2023\/05\/Nueva-area-de-hospitalizacion.webp\u00bb background_enable_image=\u00bbon\u00bb global_colors_info=\u00bb{}\u00bb sticky_transition=\u00bbon\u00bb][\/et_pb_slide][\/et_pb_slider][\/et_pb_column][et_pb_column type=\u00bb1_2&#8243; _builder_version=\u00bb4.19.4&#8243; _module_preset=\u00bbdefault\u00bb background_color=\u00bb#0079c1&#8243; custom_padding=\u00bb|1em||1em|false|true\u00bb border_radii=\u00bbon|38px|38px|38px|38px\u00bb global_colors_info=\u00bb{}\u00bb][et_pb_text _builder_version=\u00bb4.20.2&#8243; _module_preset=\u00bbdefault\u00bb text_font=\u00bb||||||||\u00bb text_text_color=\u00bb#FFFFFF\u00bb text_font_size=\u00bb15px\u00bb text_line_height=\u00bb1.6em\u00bb header_4_font=\u00bb|700||on|||||\u00bb header_4_text_align=\u00bbcenter\u00bb header_4_text_color=\u00bb#FFFFFF\u00bb header_4_font_size=\u00bb1.5em\u00bb header_5_font=\u00bb|||on|||||\u00bb header_5_text_align=\u00bbcenter\u00bb header_5_text_color=\u00bb#FFFFFF\u00bb header_5_font_size=\u00bb1.3em\u00bb custom_margin=\u00bb||-2px|||\u00bb custom_padding=\u00bb2rem||2rem||true|false\u00bb custom_padding_tablet=\u00bb4rem||4rem||true|false\u00bb custom_padding_phone=\u00bb4rem||4rem||true|false\u00bb custom_padding_last_edited=\u00bboff|desktop\u00bb global_colors_info=\u00bb{}\u00bb]<\/p>\n<h4 style=\"text-align: center;\"><strong>Who we are<\/strong><\/h4>\n<p style=\"text-align: center;\"><span>Member of Grupo Rescue, the leading medical network in the Dominican Republic, focused on the clear vision of being a comprehensive health center that satisfies the health needs of the community and foreigners who visit us, which has allowed us to be the largest private clinic on the north and east coast.<\/span><span><br \/><\/span><\/p>\n<p style=\"text-align: center;\"><span><img loading=\"lazy\" decoding=\"async\" src=\"https:\/\/centromedico.procitas.com.do\/wp-content\/uploads\/2023\/03\/Centro-Medico-Grupo-Rescue-Logo.png\" width=\"174\" height=\"103\" alt=\"\" class=\"wp-image-245176 alignnone size-full\" \/><\/span><\/p>\n<p>[\/et_pb_text][\/et_pb_column][\/et_pb_row][\/et_pb_section][et_pb_section fb_built=\u00bb1&#8243; _builder_version=\u00bb4.21.0&#8243; _module_preset=\u00bbdefault\u00bb global_colors_info=\u00bb{}\u00bb][et_pb_row _builder_version=\u00bb4.21.0&#8243; _module_preset=\u00bbdefault\u00bb global_colors_info=\u00bb{}\u00bb][et_pb_column type=\u00bb4_4&#8243; _builder_version=\u00bb4.21.0&#8243; _module_preset=\u00bbdefault\u00bb global_colors_info=\u00bb{}\u00bb][et_pb_text _builder_version=\u00bb4.21.0&#8243; text_font=\u00bbPoppins|600||on|||||\u00bb text_text_color=\u00bb#7ac142&#8243; text_font_size=\u00bb12px\u00bb text_letter_spacing=\u00bb1px\u00bb text_line_height=\u00bb1em\u00bb custom_margin=\u00bb0px||||false|false\u00bb custom_margin_tablet=\u00bb\u00bb custom_margin_phone=\u00bb20px||||false|false\u00bb custom_margin_last_edited=\u00bbon|phone\u00bb global_colors_info=\u00bb{}\u00bb]<\/p>\n<p>Centro M\u00e9dico Punta Cana<\/p>\n<p>[\/et_pb_text][et_pb_text _builder_version=\u00bb4.21.0&#8243; header_font=\u00bbPoppins|700|||||||\u00bb header_text_color=\u00bb#000000&#8243; header_font_size=\u00bb42px\u00bb header_letter_spacing=\u00bb-1px\u00bb header_line_height=\u00bb1.2em\u00bb custom_margin=\u00bb-9px||-6px||false|false\u00bb custom_margin_tablet=\u00bb\u00bb custom_margin_phone=\u00bb-15px||||false|false\u00bb custom_margin_last_edited=\u00bbon|phone\u00bb header_font_size_tablet=\u00bb\u00bb header_font_size_phone=\u00bb30px\u00bb header_font_size_last_edited=\u00bbon|phone\u00bb header_letter_spacing_tablet=\u00bb\u00bb header_letter_spacing_phone=\u00bb-1px\u00bb header_letter_spacing_last_edited=\u00bbon|phone\u00bb global_colors_info=\u00bb{}\u00bb]<\/p>\n<h1>About Centro Medico Punta Cana<\/h1>\n<p>[\/et_pb_text][et_pb_text _builder_version=\u00bb4.21.0&#8243; text_font=\u00bbPoppins||||||||\u00bb text_text_color=\u00bb#000000&#8243; text_font_size=\u00bb16px\u00bb text_line_height=\u00bb1.8em\u00bb custom_margin=\u00bb22px||||false|false\u00bb custom_margin_tablet=\u00bb\u00bb custom_margin_phone=\u00bb-10px||||false|false\u00bb custom_margin_last_edited=\u00bbon|phone\u00bb global_colors_info=\u00bb{}\u00bb]<\/p>\n<p>Centro Medico Punta Cana is a third level private general hospital with more than 19 years of service to the resident community of B\u00e1varo - Punta Cana, surrounding areas and tourists who visit us in the main tourist center of the country. The institution is focused on meeting international quality standards of medical care and service accredited by Accreditation Canada since 2019.<\/p>\n<p>[\/et_pb_text][et_pb_accordion open_toggle_text_color=\u00bb#383838&#8243; open_toggle_background_color=\u00bb#FFFFFF\u00bb closed_toggle_background_color=\u00bb#ededed\u00bb icon_color=\u00bb#383838&#8243; use_icon_font_size=\u00bbon\u00bb icon_font_size=\u00bb9px\u00bb _builder_version=\u00bb4.21.0&#8243; toggle_text_color=\u00bb#FFFFFF\u00bb toggle_font=\u00bbPoppins||||||||\u00bb toggle_font_size=\u00bb18px\u00bb toggle_letter_spacing=\u00bb-0.32px\u00bb body_font=\u00bbRoboto Condensed||||||||\u00bb body_text_color=\u00bb#000000&#8243; body_font_size=\u00bb15px\u00bb body_line_height=\u00bb1.8em\u00bb custom_margin=\u00bb41px||||false|false\u00bb toggle_line_height_tablet=\u00bb\u00bb toggle_line_height_phone=\u00bb1.5em\u00bb toggle_line_height_last_edited=\u00bbon|phone\u00bb border_color_all=\u00bb#ECE9E3&#8243; global_colors_info=\u00bb{}\u00bb][et_pb_accordion_item title=\u00bbInnovaci\u00f3n y Excelencia en el Cuidado de la Salud en Rep\u00fablica Dominicana\u00bb open=\u00bbon\u00bb open_toggle_text_color=\u00bb#000000&#8243; closed_toggle_background_color=\u00bb#0079c1&#8243; icon_color=\u00bb#7ac142&#8243; use_icon_font_size=\u00bbon\u00bb icon_font_size=\u00bb15px\u00bb _builder_version=\u00bb4.21.0&#8243; global_colors_info=\u00bb{}\u00bb toggle_text_color=\u00bb#FFFFFF\u00bb]<\/p>\n<p>It has more than 26,000 meters of land baptized as the Rescue Sanitary City, strategically located 20 minutes from the Punta Cana airport in the center of B\u00e1varo and the growing hotel area of Macao, Uvero Alto and Miches.<\/p>\n<p>Ciudad Sanitaria Rescue completes its second phase with 4500 m2 of the Hospital A building, 7600 m2 of the Medical Arts Building for outpatient services, B\u00e1varo Pharmacy and its new addition of 250 m2 for archives and collaborators' space.<\/p>\n<p>Since 2022, we have been successfully treating cancer with Prof. Karl Aigner's Regional Selective Chemotherapy (RCT) technique for local and international patients.<\/p>\n<p>[\/et_pb_accordion_item][et_pb_accordion_item title=\u00bbInformaci\u00f3n Adicional\u00bb open_toggle_text_color=\u00bb#000000&#8243; closed_toggle_background_color=\u00bb#0079c1&#8243; icon_color=\u00bb#7ac142&#8243; use_icon_font_size=\u00bbon\u00bb icon_font_size=\u00bb15px\u00bb _builder_version=\u00bb4.21.0&#8243; global_colors_info=\u00bb{}\u00bb toggle_text_color=\u00bb#FFFFFF\u00bb open=\u00bboff\u00bb]<\/p>\n<p><span style=\"color: #339966;\"><strong>Address:<\/strong><\/span><span style=\"color: #000000;\"> Avenida Espa\u00f1a No. 1, B\u00e1varo La Altagracia, Rep\u00fablica Dominicana 23000<\/span><\/p>\n<p><span style=\"color: #339966;\"><strong>Phone: <\/strong><span style=\"color: #35a3f2;\"><a href=\"tel:+1(809) 552-1506\"> +1 (809) 552-1506<\/a><\/span><\/span><\/p>\n<p><span style=\"color: #339966;\"><strong>Email: <\/strong><span style=\"color: #000000;\"><a href=\"mailto:cliente.cmpc@gruporescue.com\">cliente.cmpc@gruporescue.com<\/a><\/span><\/span><\/p>\n<p><span style=\"color: #339966;\"><span style=\"color: #000000;\"><span style=\"color: #339966;\"><strong>Follow Us<\/strong>:<\/span> <a href=\"https:\/\/www.instagram.com\/centromedicopuntacanard\/?hl=en\" target=\"_blank\" rel=\"noopener nofollow\">Instagram<\/a> &amp; <a href=\"https:\/\/web.facebook.com\/centromedicopuntacanard\/?locale=it_IT&amp;_rdc=1&amp;_rdr\" target=\"_blank\" rel=\"noopener nofollow\">Facebook<\/a><\/span><\/span><\/p>\n<p><a href=\"https:\/\/centromedico.procitas.com.do\/wp-content\/uploads\/2023\/05\/centro-medico-perfil.pdf\" rel=\"attachment noopener wp-att-248420\" target=\"_blank\">Download Our Profile Punta Cana Medical Center<\/a><\/p>\n<p>[\/et_pb_accordion_item][\/et_pb_accordion][\/et_pb_column][\/et_pb_row][et_pb_row column_structure=\u00bb1_4,1_4,1_4,1_4&#8243; use_custom_gutter=\u00bbon\u00bb gutter_width=\u00bb1&#8243; make_equal=\u00bbon\u00bb _builder_version=\u00bb4.21.0&#8243; background_color=\u00bb#0079C1&#8243; custom_margin=\u00bb18px||||false|false\u00bb custom_padding=\u00bb30px||30px||true|false\u00bb hover_enabled=\u00bb0&#8243; global_colors_info=\u00bb{}\u00bb sticky_enabled=\u00bb0&#8243;][et_pb_column type=\u00bb1_4&#8243; _builder_version=\u00bb4.16&#8243; global_colors_info=\u00bb{}\u00bb][et_pb_number_counter title=\u00bbE.R. Salas de Ex\u00e1menes\u00bb number=\u00bb18&#8243; percent_sign=\u00bboff\u00bb _builder_version=\u00bb4.21.0&#8243; title_font=\u00bbPoppins|600|||||||\u00bb title_text_color=\u00bb#ffffff\u00bb title_font_size=\u00bb16px\u00bb title_letter_spacing=\u00bb-0.32px\u00bb number_font=\u00bbPoppins|700|||||||\u00bb number_text_color=\u00bb#ffffff\u00bb number_font_size=\u00bb50px\u00bb number_letter_spacing=\u00bb-2px\u00bb number_line_height=\u00bb90px\u00bb custom_margin=\u00bb-4px||||false|false\u00bb custom_padding=\u00bb0px||7px||false|false\u00bb hover_enabled=\u00bb0&#8243; border_width_right=\u00bb1px\u00bb border_color_right=\u00bbrgba(255,255,255,0.18)\u00bb border_color_right_tablet=\u00bb\u00bb border_color_right_phone=\u00bbrgba(0,0,0,0)\u00bb border_color_right_last_edited=\u00bbon|phone\u00bb global_colors_info=\u00bb{}\u00bb sticky_enabled=\u00bb0&#8243;][\/et_pb_number_counter][\/et_pb_column][et_pb_column type=\u00bb1_4&#8243; _builder_version=\u00bb4.16&#8243; global_colors_info=\u00bb{}\u00bb][et_pb_number_counter title=\u00bbPersonal de Enfermer\u00eda\u00bb number=\u00bb+25&#8243; percent_sign=\u00bboff\u00bb _builder_version=\u00bb4.21.0&#8243; title_font=\u00bbPoppins|600|||||||\u00bb title_text_color=\u00bb#ffffff\u00bb title_font_size=\u00bb16px\u00bb title_letter_spacing=\u00bb-0.32px\u00bb number_font=\u00bbPoppins|700|||||||\u00bb number_text_color=\u00bb#ffffff\u00bb number_font_size=\u00bb50px\u00bb number_letter_spacing=\u00bb-2px\u00bb number_line_height=\u00bb90px\u00bb custom_margin=\u00bb-4px||||false|false\u00bb custom_padding=\u00bb0px||7px||false|false\u00bb hover_enabled=\u00bb0&#8243; border_width_right=\u00bb1px\u00bb border_color_right=\u00bbrgba(255,255,255,0.18)\u00bb border_color_right_tablet=\u00bb\u00bb border_color_right_phone=\u00bbrgba(0,0,0,0)\u00bb border_color_right_last_edited=\u00bbon|phone\u00bb global_colors_info=\u00bb{}\u00bb sticky_enabled=\u00bb0&#8243;][\/et_pb_number_counter][\/et_pb_column][et_pb_column type=\u00bb1_4&#8243; _builder_version=\u00bb4.16&#8243; global_colors_info=\u00bb{}\u00bb][et_pb_number_counter title=\u00bbM\u00e9dicos Especialistas\u00bb number=\u00bb54&#8243; percent_sign=\u00bboff\u00bb _builder_version=\u00bb4.21.0&#8243; title_font=\u00bbPoppins|600|||||||\u00bb title_text_color=\u00bb#ffffff\u00bb title_font_size=\u00bb16px\u00bb title_letter_spacing=\u00bb-0.32px\u00bb number_font=\u00bbPoppins|700|||||||\u00bb number_text_color=\u00bb#ffffff\u00bb number_font_size=\u00bb50px\u00bb number_letter_spacing=\u00bb-2px\u00bb number_line_height=\u00bb90px\u00bb custom_margin=\u00bb0px||||false|false\u00bb custom_margin_tablet=\u00bb\u00bb custom_margin_phone=\u00bb20px||||false|false\u00bb custom_margin_last_edited=\u00bbon|phone\u00bb custom_padding=\u00bb0px||7px||false|false\u00bb hover_enabled=\u00bb0&#8243; border_width_right=\u00bb1px\u00bb border_color_right=\u00bbrgba(0,0,0,0)\u00bb global_colors_info=\u00bb{}\u00bb sticky_enabled=\u00bb0&#8243;][\/et_pb_number_counter][\/et_pb_column][et_pb_column type=\u00bb1_4&#8243; _builder_version=\u00bb4.16&#8243; global_colors_info=\u00bb{}\u00bb][et_pb_number_counter title=\u00bbCamas Hospitalarias\u00bb number=\u00bb62&#8243; percent_sign=\u00bboff\u00bb _builder_version=\u00bb4.21.0&#8243; title_font=\u00bbPoppins|600|||||||\u00bb title_text_color=\u00bb#ffffff\u00bb title_font_size=\u00bb16px\u00bb title_letter_spacing=\u00bb-0.32px\u00bb number_font=\u00bbPoppins|700|||||||\u00bb number_text_color=\u00bb#ffffff\u00bb number_font_size=\u00bb50px\u00bb number_letter_spacing=\u00bb-2px\u00bb number_line_height=\u00bb90px\u00bb custom_margin=\u00bb-4px||||false|false\u00bb custom_padding=\u00bb0px||7px||false|false\u00bb hover_enabled=\u00bb0&#8243; border_width_right=\u00bb1px\u00bb border_color_right=\u00bbrgba(255,255,255,0.18)\u00bb border_color_right_tablet=\u00bb\u00bb border_color_right_phone=\u00bbrgba(0,0,0,0)\u00bb border_color_right_last_edited=\u00bbon|phone\u00bb global_colors_info=\u00bb{}\u00bb sticky_enabled=\u00bb0&#8243;][\/et_pb_number_counter][\/et_pb_column][\/et_pb_row][\/et_pb_section][et_pb_section fb_built=\u00bb1&#8243; _builder_version=\u00bb4.19.0&#8243; _module_preset=\u00bbdefault\u00bb custom_padding=\u00bb19px||19px||true|\u00bb global_colors_info=\u00bb{}\u00bb][et_pb_row _builder_version=\u00bb4.19.0&#8243; _module_preset=\u00bbdefault\u00bb custom_margin=\u00bb-93px|auto||auto||\u00bb global_colors_info=\u00bb{}\u00bb][et_pb_column type=\u00bb4_4&#8243; _builder_version=\u00bb4.19.0&#8243; _module_preset=\u00bbdefault\u00bb global_colors_info=\u00bb{}\u00bb][et_pb_text _builder_version=\u00bb4.19.0&#8243; _module_preset=\u00bbdefault\u00bb custom_margin=\u00bb43px|||||\u00bb global_colors_info=\u00bb{}\u00bb]<\/p>\n<h3 style=\"text-align: center;\"><strong>Our Location<\/strong><\/h3>\n<p>[\/et_pb_text][\/et_pb_column][\/et_pb_row][\/et_pb_section][et_pb_section fb_built=\u00bb1&#8243; _builder_version=\u00bb4.18.1&#8243; _module_preset=\u00bbdefault\u00bb custom_padding=\u00bb0px||0px|||\u00bb global_colors_info=\u00bb{}\u00bb][et_pb_row _builder_version=\u00bb4.20.2&#8243; _module_preset=\u00bbdefault\u00bb width=\u00bb100%\u00bb max_width=\u00bb100%\u00bb custom_padding=\u00bb0px||0px|||\u00bb global_colors_info=\u00bb{}\u00bb][et_pb_column type=\u00bb4_4&#8243; _builder_version=\u00bb4.18.1&#8243; _module_preset=\u00bbdefault\u00bb global_colors_info=\u00bb{}\u00bb][et_pb_code _builder_version=\u00bb4.20.2&#8243; _module_preset=\u00bbdefault\u00bb global_colors_info=\u00bb{}\u00bb]<iframe src=\"https:\/\/www.google.com\/maps\/embed?pb=!1m18!1m12!1m3!1d3779.4980288102133!2d-68.45121298546425!3d18.686508387312657!2m3!1f0!2f0!3f0!3m2!1i1024!2i768!4f13.1!3m3!1m2!1s0x8ea8eb6db99eb1b9%3A0xf5fbb5927abc49c6!2sCentro%20M%C3%A9dico%20Punta%20Cana!5e0!3m2!1sen!2sus!4v1673116109915!5m2!1sen!2sus\" width=\"1100\" height=\"450\" style=\"border:0;\" allowfullscreen=\"\" loading=\"lazy\" referrerpolicy=\"no-referrer-when-downgrade\"><\/iframe>[\/et_pb_code][\/et_pb_column][\/et_pb_row][\/et_pb_section]<\/p>","protected":false},"excerpt":{"rendered":"<p>Qui\u00e9nes Somos Miembro del Grupo Rescue, la Red M\u00e9dica l\u00edder en la Rep\u00fablica Dominicana, enfocados en la clara visi\u00f3n de ser un centro de salud integral que satisface las necesidades de salud de la comunidad y el extranjero que nos visita, lo que nos ha permitido ser la cl\u00ednica privada m\u00e1s grande de la costa [&hellip;]<\/p>","protected":false},"author":4,"featured_media":0,"parent":0,"menu_order":0,"comment_status":"closed","ping_status":"closed","template":"","meta":{"_et_pb_use_builder":"on","_et_pb_old_content":"","_et_gb_content_width":"","footnotes":""},"class_list":["post-245538","page","type-page","status-publish","hentry"],"_links":{"self":[{"href":"https:\/\/centromedico.procitas.com.do\/en\/wp-json\/wp\/v2\/pages\/245538","targetHints":{"allow":["GET"]}}],"collection":[{"href":"https:\/\/centromedico.procitas.com.do\/en\/wp-json\/wp\/v2\/pages"}],"about":[{"href":"https:\/\/centromedico.procitas.com.do\/en\/wp-json\/wp\/v2\/types\/page"}],"author":[{"embeddable":true,"href":"https:\/\/centromedico.procitas.com.do\/en\/wp-json\/wp\/v2\/users\/4"}],"replies":[{"embeddable":true,"href":"https:\/\/centromedico.procitas.com.do\/en\/wp-json\/wp\/v2\/comments?post=245538"}],"version-history":[{"count":0,"href":"https:\/\/centromedico.procitas.com.do\/en\/wp-json\/wp\/v2\/pages\/245538\/revisions"}],"wp:attachment":[{"href":"https:\/\/centromedico.procitas.com.do\/en\/wp-json\/wp\/v2\/media?parent=245538"}],"curies":[{"name":"wp","href":"https:\/\/api.w.org\/{rel}","templated":true}]}}